{"id":66,"date":"2021-07-31T12:29:39","date_gmt":"2021-07-31T12:29:39","guid":{"rendered":"https:\/\/museodecombarro.armadinha.gal\/?page_id=66"},"modified":"2021-07-31T12:29:40","modified_gmt":"2021-07-31T12:29:40","slug":"programacion","status":"publish","type":"page","link":"https:\/\/museodecombarro.armadinha.gal\/?page_id=66","title":{"rendered":"Programaci\u00f3n"},"content":{"rendered":"\n<p>APERTURA DA EXPOSICI\u00d3N &#8220;A MULLER E O MAR&#8221;<\/p>\n\n\n\n<p>Fogar Armadi\u00f1a<\/p>\n\n\n\n<p>2 de agosto \u00e1s 12:00h<\/p>\n\n\n\n<h3 class=\"wp-block-heading\">PRESENTACI\u00d3N MUS.CO<\/h3>\n\n\n\n<p>Fogar Armadi\u00f1a<\/p>\n\n\n\n<p>Martes 4 \u00e1s 20:30h<\/p>\n\n\n\n<h3 class=\"wp-block-heading\">EXPOSICI\u00d3N MULLER E O MAR<\/h3>\n\n\n\n<p>Fogar Armadi\u00f1a<\/p>\n\n\n\n<p>2 de agosto&nbsp;<\/p>\n\n\n\n<p>17:00h &#8211; 20:00h<\/p>\n\n\n\n<p>Do 3 ao 7 de agosto<\/p>\n\n\n\n<p>11:00h &#8211; 13:00h<\/p>\n\n\n\n<p>17:00h &#8211; 20:00h<\/p>\n\n\n\n<h3 class=\"wp-block-heading\">VISITAS GUIADAS<\/h3>\n\n\n\n<p>Teatro Infantil Armadi\u00f1a<\/p>\n\n\n\n<p>Do Xoves 5 a S\u00e1bado 7 de agosto<\/p>\n\n\n\n<p>19:30h sa\u00edda do Fogar Armadi\u00f1a<\/p>\n\n\n\n<p>M\u00e1ximo 15 persoas<\/p>\n\n\n\n<p>Inscripci\u00f3n: asociacion@armadinha.gal<\/p>\n\n\n\n<h3 class=\"wp-block-heading\">VISITA NOCTURNA AOS PETROGLIFOS DO XUVI\u00d1O<\/h3>\n\n\n\n<p>Gu\u00eda: Marcos Pad\u00edn<\/p>\n\n\n\n<p>Venres 6<\/p>\n\n\n\n<p>22:00h sa\u00edda do Fogar Armadi\u00f1a<\/p>\n\n\n\n<p>M\u00e1ximo 15 persoas<\/p>\n\n\n\n<p>Inscripci\u00f3n: asociacion@armadinha.gal<\/p>\n\n\n\n<h3 class=\"wp-block-heading\">XOGANDO MIUDI\u00d1O &#8211; Xogos Tradicionais<\/h3>\n\n\n\n<p>Praza da Chousa<\/p>\n\n\n\n<p>S\u00e1bado 7 \u00e1s 20:30h<\/p>\n","protected":false},"excerpt":{"rendered":"<p>APERTURA DA EXPOSICI\u00d3N &#8220;A MULLER E O MAR&#8221; Fogar Armadi\u00f1a 2 de agosto \u00e1s 12:00h PRESENTACI\u00d3N MUS.CO Fogar Armadi\u00f1a Martes 4 \u00e1s 20:30h EXPOSICI\u00d3N MULLER E O MAR Fogar Armadi\u00f1a 2 de agosto&nbsp; 17:00h &#8211; 20:00h Do 3 ao 7 de agosto 11:00h &#8211; 13:00h 17:00h &#8211; 20:00h VISITAS GUIADAS Teatro Infantil Armadi\u00f1a Do Xoves&hellip;&nbsp;<a href=\"https:\/\/museodecombarro.armadinha.gal\/?page_id=66\" rel=\"bookmark\">Ler m\u00e1is &raquo;<span class=\"screen-reader-text\">Programaci\u00f3n<\/span><\/a><\/p>\n","protected":false},"author":1,"featured_media":0,"parent":0,"menu_order":0,"comment_status":"closed","ping_status":"closed","template":"","meta":{"neve_meta_sidebar":"full-width","neve_meta_container":"","neve_meta_enable_content_width":"on","neve_meta_content_width":100,"neve_meta_title_alignment":"","neve_meta_author_avatar":"","neve_post_elements_order":"","neve_meta_disable_header":"","neve_meta_disable_footer":"","neve_meta_disable_title":"","footnotes":""},"class_list":["post-66","page","type-page","status-publish","hentry"],"_links":{"self":[{"href":"https:\/\/museodecombarro.armadinha.gal\/index.php?rest_route=\/wp\/v2\/pages\/66","targetHints":{"allow":["GET"]}}],"collection":[{"href":"https:\/\/museodecombarro.armadinha.gal\/index.php?rest_route=\/wp\/v2\/pages"}],"about":[{"href":"https:\/\/museodecombarro.armadinha.gal\/index.php?rest_route=\/wp\/v2\/types\/page"}],"author":[{"embeddable":true,"href":"https:\/\/museodecombarro.armadinha.gal\/index.php?rest_route=\/wp\/v2\/users\/1"}],"replies":[{"embeddable":true,"href":"https:\/\/museodecombarro.armadinha.gal\/index.php?rest_route=%2Fwp%2Fv2%2Fcomments&post=66"}],"version-history":[{"count":1,"href":"https:\/\/museodecombarro.armadinha.gal\/index.php?rest_route=\/wp\/v2\/pages\/66\/revisions"}],"predecessor-version":[{"id":67,"href":"https:\/\/museodecombarro.armadinha.gal\/index.php?rest_route=\/wp\/v2\/pages\/66\/revisions\/67"}],"wp:attachment":[{"href":"https:\/\/museodecombarro.armadinha.gal\/index.php?rest_route=%2Fwp%2Fv2%2Fmedia&parent=66"}],"curies":[{"name":"wp","href":"https:\/\/api.w.org\/{rel}","templated":true}]}}